{"id":74,"date":"2020-09-16T13:25:37","date_gmt":"2020-09-16T11:25:37","guid":{"rendered":"https:\/\/demosites.io\/car-service-gb\/?page_id=74"},"modified":"2026-03-25T11:21:32","modified_gmt":"2026-03-25T10:21:32","slug":"start","status":"publish","type":"page","link":"https:\/\/www.autoglas-pichler.at\/","title":{"rendered":"Start"},"content":{"rendered":"\n<section id=\"wp-block-themeisle-blocks-advanced-columns-af7b329d\" class=\"wp-block-themeisle-blocks-advanced-columns alignfull has-1-columns has-desktop-equal-layout has-tablet-equal-layout has-mobile-equal-layout has-vertical-flex-start\"><div class=\"wp-block-themeisle-blocks-advanced-columns-overlay\"><\/div><div class=\"innerblocks-wrap\">\n<div id=\"wp-block-themeisle-blocks-advanced-column-96878402\" class=\"wp-block-themeisle-blocks-advanced-column\">\n<section id=\"wp-block-themeisle-blocks-advanced-columns-58501de1\" class=\"wp-block-themeisle-blocks-advanced-columns has-3-columns has-desktop-equal-layout has-tablet-equal-layout has-mobile-collapsedRows-layout has-vertical-flex-end\"><div class=\"wp-block-themeisle-blocks-advanced-columns-overlay\"><\/div><div class=\"innerblocks-wrap\">\n<div id=\"wp-block-themeisle-blocks-advanced-column-fcea3523\" class=\"wp-block-themeisle-blocks-advanced-column ticss-5ec271a4 has-dark-bg\">\n<div id=\"wp-block-themeisle-blocks-font-awesome-icons-7faac450\" class=\"wp-block-themeisle-blocks-font-awesome-icons ticss-a46a20aa\"><span class=\"wp-block-themeisle-blocks-font-awesome-icons-container\"><i class=\"far fa-calendar-check\"><\/i><\/span><\/div>\n\n\n\n<h3 class=\"wp-block-heading has-text-align-center has-nv-site-bg-color has-text-color\">Termin<\/h3>\n\n\n\n<p class=\"has-text-align-center has-nv-site-bg-color has-text-color\">Bei uns m\u00fcssen Sie nicht lange warten, machen Sie noch heute einen Termin.<\/p>\n<\/div>\n\n\n\n<div id=\"wp-block-themeisle-blocks-advanced-column-d9538c9a\" class=\"wp-block-themeisle-blocks-advanced-column ticss-1c703509 has-dark-bg\">\n<div id=\"wp-block-themeisle-blocks-font-awesome-icons-22e12e18\" class=\"wp-block-themeisle-blocks-font-awesome-icons\"><span class=\"wp-block-themeisle-blocks-font-awesome-icons-container\"><i class=\"fas fa-laptop-code\"><\/i><\/span><\/div>\n\n\n\n<h3 class=\"wp-block-heading has-text-align-center has-nv-site-bg-color has-text-color\">Diagnose &amp; Testen<\/h3>\n\n\n\n<p class=\"has-text-align-center has-nv-site-bg-color has-text-color\">Wir analysieren Ihr Auto und unterziehen ihm nach KFZ Standards einen Test, damit Sie sicher unterwegs sind.<\/p>\n<\/div>\n\n\n\n<div id=\"wp-block-themeisle-blocks-advanced-column-6017fbbe\" class=\"wp-block-themeisle-blocks-advanced-column ticss-6b57cb7c has-dark-bg\">\n<div id=\"wp-block-themeisle-blocks-font-awesome-icons-21331f85\" class=\"wp-block-themeisle-blocks-font-awesome-icons\"><span class=\"wp-block-themeisle-blocks-font-awesome-icons-container\"><i class=\"far fa-thumbs-up\"><\/i><\/span><\/div>\n\n\n\n<h3 class=\"wp-block-heading has-text-align-center has-nv-site-bg-color has-text-color\">In besten H\u00e4nden<\/h3>\n\n\n\n<p class=\"has-text-align-center has-nv-site-bg-color has-text-color\">Bei uns wird unser Team immer auf den aktuellsten Standard geschult, sodass wir auch immer f\u00fcr Sie die richtige und rasche L\u00f6sung haben.<\/p>\n<\/div>\n<\/div><\/section>\n<\/div>\n<\/div><\/section>\n\n\n\n<section id=\"wp-block-themeisle-blocks-advanced-columns-de72ff39\" class=\"wp-block-themeisle-blocks-advanced-columns alignfull has-2-columns has-desktop-equal-layout has-tablet-equal-layout has-mobile-collapsedRows-layout has-vertical-center has-light-bg\"><div class=\"wp-block-themeisle-blocks-advanced-columns-overlay\"><\/div><div class=\"innerblocks-wrap\">\n<div id=\"wp-block-themeisle-blocks-advanced-column-41f6cecb\" class=\"wp-block-themeisle-blocks-advanced-column\">\n<figure class=\"wp-block-image size-large\"><img loading=\"lazy\" decoding=\"async\" width=\"800\" height=\"457\" src=\"http:\/\/localhost\/KFZ%20Autoglas%20Pichler%20-%20Holzinger%20GmbH\/wp-content\/uploads\/2021\/05\/14947592_339603426416802_Alt.jpg\" alt=\"\" class=\"wp-image-378\" srcset=\"https:\/\/www.autoglas-pichler.at\/wp-content\/uploads\/2021\/05\/14947592_339603426416802_Alt.jpg 800w, https:\/\/www.autoglas-pichler.at\/wp-content\/uploads\/2021\/05\/14947592_339603426416802_Alt-300x171.jpg 300w, https:\/\/www.autoglas-pichler.at\/wp-content\/uploads\/2021\/05\/14947592_339603426416802_Alt-768x439.jpg 768w\" sizes=\"auto, (max-width: 800px) 100vw, 800px\" \/><\/figure>\n<\/div>\n\n\n\n<div id=\"wp-block-themeisle-blocks-advanced-column-5af0a9d5\" class=\"wp-block-themeisle-blocks-advanced-column\">\n<h2 class=\"wp-block-heading has-neve-link-color-color has-text-color\"><strong>\u00dcber uns<\/strong><\/h2>\n\n\n\n<p>Bereits seit 1985 gibt es das Unternehmen Franz Pichler und ist bis heute zu einem modernen und leistungsstarken Betrieb im Salzkammergut mit mehr als 10 Mitarbeitern gesund gewachsen. Im September 2016 hat es Herr Holzinger Daniel neu \u00fcbernommen und daraus einen Meisterbetrieb mit den Namen KFZ- Autoglas Pichler-Holzinger GmbH gegr\u00fcndet.<\/p>\n\n\n\n<p>Unsere Hauptt\u00e4tigkeit bezieht sich auf die Autoglas Reparatur. Sowie aber auch KFZ- Reparatur jeglicher Art, von Service, Pickerl, Automatikgetriebesp\u00fclungen bis hin zu Reifenmontage und vieles mehr. Auch Autoersatzteile kann man bei uns erwerben.<\/p>\n<\/div>\n<\/div><\/section>\n\n\n\n<div style=\"height:30px\" aria-hidden=\"true\" class=\"wp-block-spacer\"><\/div>\n\n\n\n<section id=\"wp-block-themeisle-blocks-advanced-columns-673ea8f8\" class=\"wp-block-themeisle-blocks-advanced-columns alignfull has-1-columns has-desktop-equal-layout has-tablet-equal-layout has-mobile-equal-layout has-vertical-flex-start has-dark-bg\"><div class=\"wp-block-themeisle-blocks-advanced-columns-overlay\"><\/div><div class=\"innerblocks-wrap\">\n<div id=\"wp-block-themeisle-blocks-advanced-column-fd115ae1\" class=\"wp-block-themeisle-blocks-advanced-column\">\n<section id=\"wp-block-themeisle-blocks-advanced-columns-b50efcc0\" class=\"wp-block-themeisle-blocks-advanced-columns has-3-columns has-desktop-equal-layout has-tablet-equal-layout has-mobile-collapsedRows-layout has-vertical-center has-dark-bg\"><div class=\"wp-block-themeisle-blocks-advanced-columns-overlay\"><\/div><div class=\"innerblocks-wrap\">\n<div id=\"wp-block-themeisle-blocks-advanced-column-30982421\" class=\"wp-block-themeisle-blocks-advanced-column\">\n<figure class=\"wp-block-image size-medium\"><img loading=\"lazy\" decoding=\"async\" width=\"300\" height=\"200\" src=\"https:\/\/new.autoglas-pichler.at\/wp-content\/uploads\/2021\/05\/IMG_3293-300x200.jpg\" alt=\"\" class=\"wp-image-487\" srcset=\"https:\/\/www.autoglas-pichler.at\/wp-content\/uploads\/2021\/05\/IMG_3293-300x200.jpg 300w, https:\/\/www.autoglas-pichler.at\/wp-content\/uploads\/2021\/05\/IMG_3293-1024x683.jpg 1024w, https:\/\/www.autoglas-pichler.at\/wp-content\/uploads\/2021\/05\/IMG_3293-768x512.jpg 768w, https:\/\/www.autoglas-pichler.at\/wp-content\/uploads\/2021\/05\/IMG_3293-1536x1024.jpg 1536w, https:\/\/www.autoglas-pichler.at\/wp-content\/uploads\/2021\/05\/IMG_3293-2048x1365.jpg 2048w, https:\/\/www.autoglas-pichler.at\/wp-content\/uploads\/2021\/05\/IMG_3293-930x620.jpg 930w\" sizes=\"auto, (max-width: 300px) 100vw, 300px\" \/><\/figure>\n<\/div>\n\n\n\n<div id=\"wp-block-themeisle-blocks-advanced-column-9cc7f412\" class=\"wp-block-themeisle-blocks-advanced-column\">\n<figure class=\"wp-block-image size-medium\"><img loading=\"lazy\" decoding=\"async\" width=\"300\" height=\"200\" src=\"https:\/\/new.autoglas-pichler.at\/wp-content\/uploads\/2021\/05\/IMG_3321-300x200.jpg\" alt=\"\" class=\"wp-image-488\" srcset=\"https:\/\/www.autoglas-pichler.at\/wp-content\/uploads\/2021\/05\/IMG_3321-300x200.jpg 300w, https:\/\/www.autoglas-pichler.at\/wp-content\/uploads\/2021\/05\/IMG_3321-1024x683.jpg 1024w, https:\/\/www.autoglas-pichler.at\/wp-content\/uploads\/2021\/05\/IMG_3321-768x512.jpg 768w, https:\/\/www.autoglas-pichler.at\/wp-content\/uploads\/2021\/05\/IMG_3321-1536x1024.jpg 1536w, https:\/\/www.autoglas-pichler.at\/wp-content\/uploads\/2021\/05\/IMG_3321-2048x1365.jpg 2048w, https:\/\/www.autoglas-pichler.at\/wp-content\/uploads\/2021\/05\/IMG_3321-930x620.jpg 930w\" sizes=\"auto, (max-width: 300px) 100vw, 300px\" \/><\/figure>\n<\/div>\n\n\n\n<div id=\"wp-block-themeisle-blocks-advanced-column-df375c0d\" class=\"wp-block-themeisle-blocks-advanced-column\">\n<h2 class=\"wp-block-heading has-text-color\" style=\"color:#000000\">Ihr Anliegen ist unser Ansporn<\/h2>\n\n\n\n<p class=\"has-text-color\" style=\"color:#000000\">F\u00fcr uns gibt es keine unl\u00f6sbaren Aufgaben. <br>Wir sind stets motiviert und setzen unser Fachwissen ein, f\u00fcr Sie eine schnelle Reparatur zu gew\u00e4hrleisten.<\/p>\n<\/div>\n<\/div><\/section>\n\n\n\n<div style=\"height:20px\" aria-hidden=\"true\" class=\"wp-block-spacer\"><\/div>\n\n\n\n<section id=\"wp-block-themeisle-blocks-advanced-columns-5183f985\" class=\"wp-block-themeisle-blocks-advanced-columns has-4-columns has-desktop-equal-layout has-tablet-equal-layout has-mobile-collapsedRows-layout has-vertical-center has-light-bg\"><div class=\"wp-block-themeisle-blocks-advanced-columns-overlay\"><\/div><div class=\"innerblocks-wrap\">\n<div id=\"wp-block-themeisle-blocks-advanced-column-ca83e46a\" class=\"wp-block-themeisle-blocks-advanced-column\">\n<p class=\"has-text-color\" style=\"color:#cd5c5c;font-size:18px\"><strong>Von der Annahme bis zur Schl\u00fcssel\u00fcbergabe ist Ihr Auto in besten H\u00e4nden.<\/strong><\/p>\n<\/div>\n\n\n\n<div id=\"wp-block-themeisle-blocks-advanced-column-66c5fc4b\" class=\"wp-block-themeisle-blocks-advanced-column\">\n<figure class=\"wp-block-image size-medium\"><img loading=\"lazy\" decoding=\"async\" width=\"300\" height=\"200\" src=\"https:\/\/new.autoglas-pichler.at\/wp-content\/uploads\/2021\/05\/IMG_3294-300x200.jpg\" alt=\"\" class=\"wp-image-534\" srcset=\"https:\/\/www.autoglas-pichler.at\/wp-content\/uploads\/2021\/05\/IMG_3294-300x200.jpg 300w, https:\/\/www.autoglas-pichler.at\/wp-content\/uploads\/2021\/05\/IMG_3294-1024x683.jpg 1024w, https:\/\/www.autoglas-pichler.at\/wp-content\/uploads\/2021\/05\/IMG_3294-768x512.jpg 768w, https:\/\/www.autoglas-pichler.at\/wp-content\/uploads\/2021\/05\/IMG_3294-1536x1024.jpg 1536w, https:\/\/www.autoglas-pichler.at\/wp-content\/uploads\/2021\/05\/IMG_3294-930x620.jpg 930w, https:\/\/www.autoglas-pichler.at\/wp-content\/uploads\/2021\/05\/IMG_3294.jpg 1920w\" sizes=\"auto, (max-width: 300px) 100vw, 300px\" \/><\/figure>\n<\/div>\n\n\n\n<div id=\"wp-block-themeisle-blocks-advanced-column-17f79221\" class=\"wp-block-themeisle-blocks-advanced-column\">\n<figure class=\"wp-block-image size-medium\"><img loading=\"lazy\" decoding=\"async\" width=\"300\" height=\"200\" src=\"https:\/\/new.autoglas-pichler.at\/wp-content\/uploads\/2021\/05\/IMG_3282-300x200.jpg\" alt=\"\" class=\"wp-image-535\" srcset=\"https:\/\/www.autoglas-pichler.at\/wp-content\/uploads\/2021\/05\/IMG_3282-300x200.jpg 300w, https:\/\/www.autoglas-pichler.at\/wp-content\/uploads\/2021\/05\/IMG_3282-1024x683.jpg 1024w, https:\/\/www.autoglas-pichler.at\/wp-content\/uploads\/2021\/05\/IMG_3282-768x512.jpg 768w, https:\/\/www.autoglas-pichler.at\/wp-content\/uploads\/2021\/05\/IMG_3282-1536x1024.jpg 1536w, https:\/\/www.autoglas-pichler.at\/wp-content\/uploads\/2021\/05\/IMG_3282-930x620.jpg 930w, https:\/\/www.autoglas-pichler.at\/wp-content\/uploads\/2021\/05\/IMG_3282.jpg 1920w\" sizes=\"auto, (max-width: 300px) 100vw, 300px\" \/><\/figure>\n<\/div>\n\n\n\n<div id=\"wp-block-themeisle-blocks-advanced-column-c642647b\" class=\"wp-block-themeisle-blocks-advanced-column\">\n<figure class=\"wp-block-image size-medium\"><img loading=\"lazy\" decoding=\"async\" width=\"300\" height=\"200\" src=\"https:\/\/new.autoglas-pichler.at\/wp-content\/uploads\/2021\/05\/IMG_3376-300x200.jpg\" alt=\"\" class=\"wp-image-536\" srcset=\"https:\/\/www.autoglas-pichler.at\/wp-content\/uploads\/2021\/05\/IMG_3376-300x200.jpg 300w, https:\/\/www.autoglas-pichler.at\/wp-content\/uploads\/2021\/05\/IMG_3376-1024x683.jpg 1024w, https:\/\/www.autoglas-pichler.at\/wp-content\/uploads\/2021\/05\/IMG_3376-768x512.jpg 768w, https:\/\/www.autoglas-pichler.at\/wp-content\/uploads\/2021\/05\/IMG_3376-1536x1024.jpg 1536w, https:\/\/www.autoglas-pichler.at\/wp-content\/uploads\/2021\/05\/IMG_3376-930x620.jpg 930w, https:\/\/www.autoglas-pichler.at\/wp-content\/uploads\/2021\/05\/IMG_3376.jpg 1920w\" sizes=\"auto, (max-width: 300px) 100vw, 300px\" \/><\/figure>\n<\/div>\n<\/div><\/section>\n<\/div>\n<\/div><\/section>\n\n\n\n<div id=\"wp-block-themeisle-blocks-advanced-columns-ca6cc8a2\" class=\"wp-block-themeisle-blocks-advanced-columns has-3-columns has-desktop-equal-layout has-tablet-equal-layout has-mobile-collapsedRows-layout has-vertical-unset has-default-gap\"><div class=\"wp-block-themeisle-blocks-advanced-columns-overlay\"><\/div><div class=\"innerblocks-wrap\">\n<div id=\"wp-block-themeisle-blocks-advanced-column-b7082e65\" class=\"wp-block-themeisle-blocks-advanced-column\">\n<div class=\"wp-block-columns is-layout-flex wp-container-core-columns-is-layout-9d6595d7 wp-block-columns-is-layout-flex\">\n<div class=\"wp-block-column is-layout-flow wp-block-column-is-layout-flow\"><div class=\"wp-block-image\">\n<figure class=\"aligncenter size-medium\"><img loading=\"lazy\" decoding=\"async\" width=\"300\" height=\"300\" src=\"https:\/\/new.autoglas-pichler.at\/wp-content\/uploads\/2021\/05\/IMG_3330_600x600-300x300.jpg\" alt=\"\" class=\"wp-image-448\" srcset=\"https:\/\/www.autoglas-pichler.at\/wp-content\/uploads\/2021\/05\/IMG_3330_600x600-300x300.jpg 300w, https:\/\/www.autoglas-pichler.at\/wp-content\/uploads\/2021\/05\/IMG_3330_600x600-150x150.jpg 150w, https:\/\/www.autoglas-pichler.at\/wp-content\/uploads\/2021\/05\/IMG_3330_600x600.jpg 600w\" sizes=\"auto, (max-width: 300px) 100vw, 300px\" \/><\/figure>\n<\/div>\n\n\n<h4 class=\"wp-block-heading has-text-align-center\">Wir \u00fcber uns<\/h4>\n\n\n\n<p class=\"has-text-align-center\">Das Team hinter dem Unternehmen stellt sich vor.<\/p>\n\n\n\n<div class=\"wp-block-buttons is-horizontal is-content-justification-center is-layout-flex wp-container-core-buttons-is-layout-499968f5 wp-block-buttons-is-layout-flex\">\n<div class=\"wp-block-button is-style-primary\"><a class=\"wp-block-button__link has-nv-site-bg-color has-text-color wp-element-button\" href=\"https:\/\/www.autoglas-pichler.at\/index.php\/team\/\">Das Team<\/a><\/div>\n<\/div>\n<\/div>\n<\/div>\n<\/div>\n\n\n\n<div id=\"wp-block-themeisle-blocks-advanced-column-c4042538\" class=\"wp-block-themeisle-blocks-advanced-column\">\n<div class=\"wp-block-columns is-layout-flex wp-container-core-columns-is-layout-9d6595d7 wp-block-columns-is-layout-flex\">\n<div class=\"wp-block-column is-layout-flow wp-block-column-is-layout-flow\"><div class=\"wp-block-image\">\n<figure class=\"aligncenter size-medium is-resized\"><img loading=\"lazy\" decoding=\"async\" width=\"300\" height=\"300\" src=\"https:\/\/new.autoglas-pichler.at\/wp-content\/uploads\/2021\/05\/IMG_3324_600x600-300x300.jpg\" alt=\"\" class=\"wp-image-449\" style=\"width:300px;height:300px\" srcset=\"https:\/\/www.autoglas-pichler.at\/wp-content\/uploads\/2021\/05\/IMG_3324_600x600-300x300.jpg 300w, https:\/\/www.autoglas-pichler.at\/wp-content\/uploads\/2021\/05\/IMG_3324_600x600-150x150.jpg 150w, https:\/\/www.autoglas-pichler.at\/wp-content\/uploads\/2021\/05\/IMG_3324_600x600.jpg 600w\" sizes=\"auto, (max-width: 300px) 100vw, 300px\" \/><\/figure>\n<\/div>\n\n\n<h4 class=\"wp-block-heading has-text-align-center\">Unsere Kompetenzen<\/h4>\n\n\n\n<p class=\"has-text-align-center\">Verschaffen Sie sich einen \u00dcberblick \u00fcber unsere gesamtes Leistungsspektrum.<\/p>\n\n\n\n<div class=\"wp-block-buttons is-horizontal is-content-justification-center is-layout-flex wp-container-core-buttons-is-layout-499968f5 wp-block-buttons-is-layout-flex\">\n<div class=\"wp-block-button is-style-primary\"><a class=\"wp-block-button__link has-nv-site-bg-color has-text-color wp-element-button\" href=\"https:\/\/www.autoglas-pichler.at\/index.php\/leistungen\/\">Unsere Leistungen<\/a><\/div>\n<\/div>\n<\/div>\n<\/div>\n<\/div>\n\n\n\n<div id=\"wp-block-themeisle-blocks-advanced-column-d184fb35\" class=\"wp-block-themeisle-blocks-advanced-column\">\n<div class=\"wp-block-columns is-layout-flex wp-container-core-columns-is-layout-9d6595d7 wp-block-columns-is-layout-flex\">\n<div class=\"wp-block-column is-layout-flow wp-block-column-is-layout-flow\"><div class=\"wp-block-image\">\n<figure class=\"aligncenter size-medium\"><img loading=\"lazy\" decoding=\"async\" width=\"300\" height=\"298\" src=\"https:\/\/new.autoglas-pichler.at\/wp-content\/uploads\/2021\/05\/IMG_3030_600x600-300x298.jpg\" alt=\"\" class=\"wp-image-453\" srcset=\"https:\/\/www.autoglas-pichler.at\/wp-content\/uploads\/2021\/05\/IMG_3030_600x600-300x298.jpg 300w, https:\/\/www.autoglas-pichler.at\/wp-content\/uploads\/2021\/05\/IMG_3030_600x600-150x150.jpg 150w, https:\/\/www.autoglas-pichler.at\/wp-content\/uploads\/2021\/05\/IMG_3030_600x600.jpg 600w\" sizes=\"auto, (max-width: 300px) 100vw, 300px\" \/><\/figure>\n<\/div>\n\n\n<h4 class=\"wp-block-heading has-text-align-center\">Im Herzen des Salzkammergutes<\/h4>\n\n\n\n<p class=\"has-text-align-center\">Treten Sie mit uns in Kontakt und geben Sie Ihr Fahrzeug in beste H\u00e4nde.<\/p>\n\n\n\n<div class=\"wp-block-buttons is-horizontal is-content-justification-center is-layout-flex wp-container-core-buttons-is-layout-499968f5 wp-block-buttons-is-layout-flex\">\n<div class=\"wp-block-button is-style-primary\"><a class=\"wp-block-button__link has-nv-site-bg-color has-text-color wp-element-button\" href=\"https:\/\/www.autoglas-pichler.at\/index.php\/kontakt\/\">So finden Sie uns<\/a><\/div>\n<\/div>\n<\/div>\n<\/div>\n<\/div>\n<\/div><\/div>\n\n\n\n<div style=\"height:30px\" aria-hidden=\"true\" class=\"wp-block-spacer\"><\/div>\n\n\n\n<div class=\"wp-block-columns is-layout-flex wp-container-core-columns-is-layout-9d6595d7 wp-block-columns-is-layout-flex\">\n<div class=\"wp-block-column is-layout-flow wp-block-column-is-layout-flow\" style=\"flex-basis:100%\"><style id=\"sp_lcp_dynamic_css956\">div#logo-carousel-free-956.logo-carousel-free .sp-lc-logo{border: 1px solid transparent;border-radius: 0px;overflow: hidden;}div#logo-carousel-free-956.logo-carousel-free .sp-lc-logo:hover{border-color: #cd5c5c;}@media only screen and (max-width: 576px) {#logo-carousel-free-956.sp-lc-container .sp-lc-button-prev,#logo-carousel-free-956.sp-lc-container .sp-lc-button-next {display: none;}#logo-carousel-free-956.sp-lc-container .sp-lc-pagination .swiper-pagination-bullet {display: none;}} .logo-carousel-free-area#logo-carousel-free-956{position: relative;}#lcp-preloader-956{position: absolute;left: 0;top: 0;height: 100%;width: 100%;text-align: center;display: flex;align-items: center;justify-content: center;background: #fff;z-index: 9999;} .logo-carousel-free-area#logo-carousel-free-956 .sp-logo-carousel-section-title{margin-bottom: 30px;}#logo-carousel-free-956 .sp-lc-grid-container { justify-content: left; align-items: center; } #logo-carousel-free-956 .swiper-wrapper .swiper-slide { align-self: center; }#logo-carousel-free-956 .sp-lc-grid-container {margin-left: -4px;margin-right: -4px;width: calc( 100% + 8px);}#logo-carousel-free-956 .sp-lc-grid-container [class*=\"lc-col\"] {padding-left: 4px;padding-right: 4px;padding-bottom: 8px;}@media screen and (min-width: 1200px ){.logo-carousel-free-area#logo-carousel-free-956 .sp-logo-carousel:not([class*=\"-initialized\"]) > .swiper-wrapper {display: flex;width: calc( 100% + 12px );}.logo-carousel-free-area#logo-carousel-free-956 .sp-logo-carousel:not([class*=\"-initialized\"]) > .swiper-wrapper > .swiper-slide {width: 20%;padding-right: 12px;}}<\/style>\n<div id='logo-carousel-free-956' class=\"logo-carousel-free logo-carousel-free-area sp-lc-container\">\n\t\t\t<div id=\"lcp-preloader-956\" class=\"sp-logo-carousel-preloader\"><img decoding=\"async\" src=\"https:\/\/www.autoglas-pichler.at\/wp-content\/plugins\/logo-carousel-free\/admin\/assets\/images\/spinner.svg\" class=\"skip-lazy\" alt=\"Loader Image\"\/><\/div>\n\t\t\t<div id=\"sp-logo-carousel-id-956\" class=\"swiper-container sp-logo-carousel  lcp-preloader\" dir=\"ltr\" data-carousel='{ \"speed\":500,\"spaceBetween\": 8, \"autoplay\": true, \"infinite\":true, \"autoplay_speed\": 2500, \"stop_onHover\": false, \"pagination\": false, \"navigation\": false, \"MobileNav\": false, \"MobilePagi\": false, \"simulateTouch\": false,\"freeMode\": false,\"swipeToSlide\": false, \"carousel_accessibility\": true,\"adaptiveHeight\": false,\"allowTouchMove\": false, \"slidesPerView\": { \"lg_desktop\": 5, \"desktop\": 4, \"tablet\": 3, \"mobile\": 1, \"mobile_landscape\": 2 } }' data-carousel-starts-onscreen=\"false\">\n\t\t<div class=\"swiper-wrapper\">\n\t\t\t\t<div class=\"swiper-slide\"><div class=\"sp-lc-logo\"><img loading=\"lazy\" decoding=\"async\" src=\"https:\/\/www.autoglas-pichler.at\/wp-content\/uploads\/2021\/05\/1.png\" title=\"\" alt=\"ATE\" width=\"167\" height=\"150\" class=\"sp-lc-image\"><\/div><\/div>\n\t\t<div class=\"swiper-slide\"><div class=\"sp-lc-logo\"><img loading=\"lazy\" decoding=\"async\" src=\"https:\/\/www.autoglas-pichler.at\/wp-content\/uploads\/2021\/05\/4.jpg\" title=\"\" alt=\"Banner\" width=\"150\" height=\"150\" class=\"sp-lc-image\"><\/div><\/div>\n\t\t<div class=\"swiper-slide\"><div class=\"sp-lc-logo\"><img loading=\"lazy\" decoding=\"async\" src=\"https:\/\/www.autoglas-pichler.at\/wp-content\/uploads\/2021\/05\/2.png\" title=\"\" alt=\"Bosch\" width=\"149\" height=\"150\" class=\"sp-lc-image\"><\/div><\/div>\n\t\t<div class=\"swiper-slide\"><div class=\"sp-lc-logo\"><img loading=\"lazy\" decoding=\"async\" src=\"https:\/\/www.autoglas-pichler.at\/wp-content\/uploads\/2021\/05\/5.png\" title=\"\" alt=\"Pilkington\" width=\"150\" height=\"150\" class=\"sp-lc-image\"><\/div><\/div>\n\t\t<div class=\"swiper-slide\"><div class=\"sp-lc-logo\"><img loading=\"lazy\" decoding=\"async\" src=\"https:\/\/www.autoglas-pichler.at\/wp-content\/uploads\/2021\/05\/6.jpg\" title=\"\" alt=\"Saint-Gobain\" width=\"150\" height=\"150\" class=\"sp-lc-image\"><\/div><\/div>\n\t\t<div class=\"swiper-slide\"><div class=\"sp-lc-logo\"><img loading=\"lazy\" decoding=\"async\" src=\"https:\/\/www.autoglas-pichler.at\/wp-content\/uploads\/2021\/05\/7.png\" title=\"\" alt=\"Varta\" width=\"150\" height=\"150\" class=\"sp-lc-image\"><\/div><\/div>\n\t\t<div class=\"swiper-slide\"><div class=\"sp-lc-logo\"><img loading=\"lazy\" decoding=\"async\" src=\"https:\/\/www.autoglas-pichler.at\/wp-content\/uploads\/2021\/05\/3.png\" title=\"\" alt=\"ZF\" width=\"150\" height=\"150\" class=\"sp-lc-image\"><\/div><\/div>\n\t\t\t<\/div>\n\n\t\t\t<\/div>\n<\/div>\n\n<\/div>\n<\/div>\n\n\n\n<div style=\"height:30px\" aria-hidden=\"true\" class=\"wp-block-spacer\"><\/div>\n","protected":false},"excerpt":{"rendered":"","protected":false},"author":1,"featured_media":0,"parent":0,"menu_order":0,"comment_status":"closed","ping_status":"closed","template":"page-templates\/template-pagebuilder-full-width.php","meta":{"neve_meta_sidebar":"full-width","neve_meta_container":"","neve_meta_enable_content_width":"on","neve_meta_content_width":100,"neve_meta_title_alignment":"","neve_meta_author_avatar":"","neve_post_elements_order":"","neve_meta_disable_header":"off","neve_meta_disable_footer":"","neve_meta_disable_title":"","neve_meta_reading_time":"","_themeisle_gutenberg_block_has_review":false,"footnotes":""},"class_list":["post-74","page","type-page","status-publish","hentry"],"_links":{"self":[{"href":"https:\/\/www.autoglas-pichler.at\/index.php\/wp-json\/wp\/v2\/pages\/74","targetHints":{"allow":["GET"]}}],"collection":[{"href":"https:\/\/www.autoglas-pichler.at\/index.php\/wp-json\/wp\/v2\/pages"}],"about":[{"href":"https:\/\/www.autoglas-pichler.at\/index.php\/wp-json\/wp\/v2\/types\/page"}],"author":[{"embeddable":true,"href":"https:\/\/www.autoglas-pichler.at\/index.php\/wp-json\/wp\/v2\/users\/1"}],"replies":[{"embeddable":true,"href":"https:\/\/www.autoglas-pichler.at\/index.php\/wp-json\/wp\/v2\/comments?post=74"}],"version-history":[{"count":228,"href":"https:\/\/www.autoglas-pichler.at\/index.php\/wp-json\/wp\/v2\/pages\/74\/revisions"}],"predecessor-version":[{"id":1917,"href":"https:\/\/www.autoglas-pichler.at\/index.php\/wp-json\/wp\/v2\/pages\/74\/revisions\/1917"}],"wp:attachment":[{"href":"https:\/\/www.autoglas-pichler.at\/index.php\/wp-json\/wp\/v2\/media?parent=74"}],"curies":[{"name":"wp","href":"https:\/\/api.w.org\/{rel}","templated":true}]}}